{"id":6129,"date":"2024-09-25T18:30:55","date_gmt":"2024-09-25T18:30:55","guid":{"rendered":"https:\/\/upliftcentralcoast.org\/?page_id=6129"},"modified":"2024-09-25T18:51:43","modified_gmt":"2024-09-25T18:51:43","slug":"participa","status":"publish","type":"page","link":"https:\/\/upliftcentralcoast.org\/es\/participa\/","title":{"rendered":"Participa"},"content":{"rendered":"\t\t<div data-elementor-type=\"wp-page\" data-elementor-id=\"6129\" class=\"elementor elementor-6129 elementor-6128\" data-elementor-post-type=\"page\">\n\t\t\t\t<div class=\"elementor-element elementor-element-3e55f511 first-section with-content e-flex e-con-boxed e-con e-parent\" data-id=\"3e55f511\" data-element_type=\"container\" data-e-type=\"container\" data-settings=\"{&quot;background_background&quot;:&quot;classic&quot;}\">\n\t\t\t\t\t<div class=\"e-con-inner\">\n\t\t\t\t<div class=\"elementor-element elementor-element-69ffd1a5 elementor-widget__width-inherit elementor-align-right elementor-mobile-align-left m-clear search elementor-widget elementor-widget-button\" data-id=\"69ffd1a5\" data-element_type=\"widget\" data-e-type=\"widget\" data-widget_type=\"button.default\">\n\t\t\t\t\t\t\t\t\t\t<a class=\"elementor-button elementor-button-link elementor-size-sm\" href=\"https:\/\/reachcentralcoast.app.neoncrm.com\/forms\/uplift-newsletter-signup\" target=\"_blank\">\n\t\t\t\t\t\t<span class=\"elementor-button-content-wrapper\">\n\t\t\t\t\t\t<span class=\"elementor-button-icon\">\n\t\t\t\t<i aria-hidden=\"true\" class=\"icon icon-arrow-right\"><\/i>\t\t\t<\/span>\n\t\t\t\t\t\t\t\t\t<span class=\"elementor-button-text\">Suscr\u00edbase a nuestras actualizaciones por correo electr\u00f3nico<\/span>\n\t\t\t\t\t<\/span>\n\t\t\t\t\t<\/a>\n\t\t\t\t\t\t\t\t<\/div>\n\t\t\t\t<div class=\"elementor-element elementor-element-e822cf0 elementor-widget-widescreen__width-initial elementor-widget elementor-widget-heading\" data-id=\"e822cf0\" data-element_type=\"widget\" data-e-type=\"widget\" data-widget_type=\"heading.default\">\n\t\t\t\t\t<h2 class=\"elementor-heading-title elementor-size-default\">Participe en las actividades de su zona.<\/h2>\t\t\t\t<\/div>\n\t\t\t\t<div class=\"elementor-element elementor-element-14d107e5 elementor-widget__width-initial short-desc elementor-widget elementor-widget-text-editor\" data-id=\"14d107e5\" data-element_type=\"widget\" data-e-type=\"widget\" data-widget_type=\"text-editor.default\">\n\t\t\t\t\t\t\t\t\t<p>Comparta su experiencia de la Costa Central, &nbsp;organice una sesi\u00f3n de escucha, &nbsp;asista a una reuni\u00f3n comunitaria, &nbsp;aprenda m\u00e1s sobre nuestro trabajo y &nbsp;\u00fanase a nuestra creciente coalici\u00f3n de organizaciones.<\/p>\n\t\t\t\t\t\t\t\t<\/div>\n\t\t\t\t\t<\/div>\n\t\t\t\t<\/div>\n\t\t<div class=\"elementor-element elementor-element-8e9f29c elementor-hidden-widescreen elementor-hidden-desktop elementor-hidden-tablet elementor-hidden-mobile e-flex e-con-boxed e-con e-parent\" data-id=\"8e9f29c\" data-element_type=\"container\" data-e-type=\"container\">\n\t\t\t\t\t<div class=\"e-con-inner\">\n\t\t<div class=\"elementor-element elementor-element-8c42062 e-con-full e-flex e-con e-child\" data-id=\"8c42062\" data-element_type=\"container\" data-e-type=\"container\">\n\t\t\t\t<div class=\"elementor-element elementor-element-305a415 elementor-widget elementor-widget-text-editor\" data-id=\"305a415\" data-element_type=\"widget\" data-e-type=\"widget\" id=\"featured-event\" data-widget_type=\"text-editor.default\">\n\t\t\t\t\t\t\t\t\t<p>PRUEBA<\/p>\n<div><\/div>\n\t\t\t\t\t\t\t\t<\/div>\n\t\t\t\t<\/div>\n\t\t\t\t\t<\/div>\n\t\t\t\t<\/div>\n\t\t<div class=\"elementor-element elementor-element-c20c0b0 e-flex e-con-boxed e-con e-parent\" data-id=\"c20c0b0\" data-element_type=\"container\" data-e-type=\"container\">\n\t\t\t\t\t<div class=\"e-con-inner\">\n\t\t<div class=\"elementor-element elementor-element-e39ddda narrow e-flex e-con-boxed e-con e-child\" data-id=\"e39ddda\" data-element_type=\"container\" data-e-type=\"container\">\n\t\t\t\t\t<div class=\"e-con-inner\">\n\t\t\t\t<div class=\"elementor-element elementor-element-e11795a elementor-widget elementor-widget-text-editor\" data-id=\"e11795a\" data-element_type=\"widget\" data-e-type=\"widget\" data-widget_type=\"text-editor.default\">\n\t\t\t\t\t\t\t\t\t<p>Regi\u00f3n Sur (Condados de San Luis Obispo, Santa B\u00e1rbara y Ventura) Coordinadores subregionales<\/p>\n\t\t\t\t\t\t\t\t<\/div>\n\t\t<div class=\"elementor-element elementor-element-01e2a9a e-con-full e-flex e-con e-child\" data-id=\"01e2a9a\" data-element_type=\"container\" data-e-type=\"container\">\n\t\t\t\t<div class=\"elementor-element elementor-element-cd73805 m-clear elementor-widget__width-initial elementor-widget elementor-widget-text-editor\" data-id=\"cd73805\" data-element_type=\"widget\" data-e-type=\"widget\" data-widget_type=\"text-editor.default\">\n\t\t\t\t\t\t\t\t\t<p><strong>REACH<\/strong>, Community Engagement Manager: <br \/>Lady Freire, <a href=\"mailto:lady@upliftcentralcoast.org\">lady@upliftcentralcoast.org<\/a><\/p>\n\t\t\t\t\t\t\t\t<\/div>\n\t\t\t\t<div class=\"elementor-element elementor-element-b024b4f elementor-widget__width-initial elementor-widget elementor-widget-button\" data-id=\"b024b4f\" data-element_type=\"widget\" data-e-type=\"widget\" data-widget_type=\"button.default\">\n\t\t\t\t\t\t\t\t\t\t<a class=\"elementor-button elementor-button-link elementor-size-sm\" href=\"https:\/\/reachcentralcoast.org\" target=\"_blank\">\n\t\t\t\t\t\t<span class=\"elementor-button-content-wrapper\">\n\t\t\t\t\t\t\t\t\t<span class=\"elementor-button-text\">Visitar el sitio web<\/span>\n\t\t\t\t\t<\/span>\n\t\t\t\t\t<\/a>\n\t\t\t\t\t\t\t\t<\/div>\n\t\t\t\t<\/div>\n\t\t<div class=\"elementor-element elementor-element-17e857e e-con-full e-flex e-con e-child\" data-id=\"17e857e\" data-element_type=\"container\" data-e-type=\"container\">\n\t\t\t\t<div class=\"elementor-element elementor-element-713b26a m-clear elementor-widget__width-initial elementor-widget elementor-widget-text-editor\" data-id=\"713b26a\" data-element_type=\"widget\" data-e-type=\"widget\" data-widget_type=\"text-editor.default\">\n\t\t\t\t\t\t\t\t\t<p><strong>EDC<\/strong>, Community Engagement Manager:<br \/>Alondra Gaytan, <a href=\"mailto:alondra@upliftcentralcoast.org\">alondra@upliftcentralcoast.org<\/a><\/p>\n\t\t\t\t\t\t\t\t<\/div>\n\t\t\t\t<div class=\"elementor-element elementor-element-9b6689f elementor-widget__width-initial elementor-widget elementor-widget-button\" data-id=\"9b6689f\" data-element_type=\"widget\" data-e-type=\"widget\" data-widget_type=\"button.default\">\n\t\t\t\t\t\t\t\t\t\t<a class=\"elementor-button elementor-button-link elementor-size-sm\" href=\"https:\/\/edcollaborative.com\" target=\"_blank\">\n\t\t\t\t\t\t<span class=\"elementor-button-content-wrapper\">\n\t\t\t\t\t\t\t\t\t<span class=\"elementor-button-text\">Visitar el sitio web<\/span>\n\t\t\t\t\t<\/span>\n\t\t\t\t\t<\/a>\n\t\t\t\t\t\t\t\t<\/div>\n\t\t\t\t<\/div>\n\t\t\t\t<div class=\"elementor-element elementor-element-5d6c1b6 elementor-widget elementor-widget-spacer\" data-id=\"5d6c1b6\" data-element_type=\"widget\" data-e-type=\"widget\" data-widget_type=\"spacer.default\">\n\t\t\t\t\t\t\t<div class=\"elementor-spacer\">\n\t\t\t<div class=\"elementor-spacer-inner\"><\/div>\n\t\t<\/div>\n\t\t\t\t\t\t<\/div>\n\t\t\t\t<div class=\"elementor-element elementor-element-2a71d9d elementor-widget elementor-widget-text-editor\" data-id=\"2a71d9d\" data-element_type=\"widget\" data-e-type=\"widget\" data-widget_type=\"text-editor.default\">\n\t\t\t\t\t\t\t\t\t<p>Regi\u00f3n Norte (Condados de Santa Cruz, Monterey y San Benito) Coordinador subregional<\/p>\n\t\t\t\t\t\t\t\t<\/div>\n\t\t<div class=\"elementor-element elementor-element-9a0c67d e-con-full e-flex e-con e-child\" data-id=\"9a0c67d\" data-element_type=\"container\" data-e-type=\"container\">\n\t\t\t\t<div class=\"elementor-element elementor-element-cfa79af m-clear elementor-widget__width-initial elementor-widget elementor-widget-text-editor\" data-id=\"cfa79af\" data-element_type=\"widget\" data-e-type=\"widget\" data-widget_type=\"text-editor.default\">\n\t\t\t\t\t\t\t\t\t<p><strong>MBEP<\/strong>, Community Engagement Manager:<br \/>Celeste Baird, <a href=\"mailto:celeste@upliftcentralcoast.org\">celeste@upliftcentralcoast.org<\/a><\/p>\n\t\t\t\t\t\t\t\t<\/div>\n\t\t\t\t<div class=\"elementor-element elementor-element-6fc1f67 elementor-widget__width-initial elementor-widget elementor-widget-button\" data-id=\"6fc1f67\" data-element_type=\"widget\" data-e-type=\"widget\" data-widget_type=\"button.default\">\n\t\t\t\t\t\t\t\t\t\t<a class=\"elementor-button elementor-button-link elementor-size-sm\" href=\"https:\/\/mbep.biz\" target=\"_blank\">\n\t\t\t\t\t\t<span class=\"elementor-button-content-wrapper\">\n\t\t\t\t\t\t\t\t\t<span class=\"elementor-button-text\">Visitar el sitio web<\/span>\n\t\t\t\t\t<\/span>\n\t\t\t\t\t<\/a>\n\t\t\t\t\t\t\t\t<\/div>\n\t\t\t\t<\/div>\n\t\t\t\t<div class=\"elementor-element elementor-element-bf71961 elementor-widget elementor-widget-spacer\" data-id=\"bf71961\" data-element_type=\"widget\" data-e-type=\"widget\" data-widget_type=\"spacer.default\">\n\t\t\t\t\t\t\t<div class=\"elementor-spacer\">\n\t\t\t<div class=\"elementor-spacer-inner\"><\/div>\n\t\t<\/div>\n\t\t\t\t\t\t<\/div>\n\t\t\t\t<div class=\"elementor-element elementor-element-875b068 elementor-widget elementor-widget-heading\" data-id=\"875b068\" data-element_type=\"widget\" data-e-type=\"widget\" data-widget_type=\"heading.default\">\n\t\t\t\t\t<h2 class=\"elementor-heading-title elementor-size-default\"><br><br>Pr\u00f3ximos eventos<\/h2>\t\t\t\t<\/div>\n\t\t<div class=\"elementor-element elementor-element-4d3a543 e-con-full e-flex e-con e-child\" data-id=\"4d3a543\" data-element_type=\"container\" data-e-type=\"container\">\n\t\t\t\t<div class=\"elementor-element elementor-element-ff93498 elementor-widget elementor-widget-image\" data-id=\"ff93498\" data-element_type=\"widget\" data-e-type=\"widget\" data-widget_type=\"image.default\">\n\t\t\t\t\t\t\t\t\t\t\t\t\t\t\t\t<a href=\"https:\/\/reachcentralcoast.app.neoncrm.com\/np\/clients\/reachcentralcoast\/eventRegistration.jsp?event=1569&#038;\" target=\"_blank\">\n\t\t\t\t\t\t\t<img fetchpriority=\"high\" decoding=\"async\" width=\"768\" height=\"768\" src=\"https:\/\/upliftcentralcoast.org\/wp-content\/uploads\/2024\/09\/9-768x768.jpg\" class=\"attachment-medium_large size-medium_large wp-image-6055\" alt=\"\" srcset=\"https:\/\/upliftcentralcoast.org\/wp-content\/uploads\/2024\/09\/9-768x768.jpg 768w, https:\/\/upliftcentralcoast.org\/wp-content\/uploads\/2024\/09\/9-300x300.jpg 300w, https:\/\/upliftcentralcoast.org\/wp-content\/uploads\/2024\/09\/9-1024x1024.jpg 1024w, https:\/\/upliftcentralcoast.org\/wp-content\/uploads\/2024\/09\/9-150x150.jpg 150w, https:\/\/upliftcentralcoast.org\/wp-content\/uploads\/2024\/09\/9-125x125.jpg 125w, https:\/\/upliftcentralcoast.org\/wp-content\/uploads\/2024\/09\/9-450x450.jpg 450w, https:\/\/upliftcentralcoast.org\/wp-content\/uploads\/2024\/09\/9.jpg 1080w\" sizes=\"(max-width: 768px) 100vw, 768px\" \/>\t\t\t\t\t\t\t\t<\/a>\n\t\t\t\t\t\t\t\t\t\t\t\t\t\t\t<\/div>\n\t\t\t\t<div class=\"elementor-element elementor-element-48379c9 m-clear elementor-widget__width-initial elementor-widget elementor-widget-text-editor\" data-id=\"48379c9\" data-element_type=\"widget\" data-e-type=\"widget\" data-widget_type=\"text-editor.default\">\n\t\t\t\t\t\t\t\t\t<p style=\"font-variant-ligatures: normal; orphans: 2; widows: 2; text-decoration-thickness: initial; text-decoration-style: initial; text-decoration-color: initial; outline-color: currentcolor !important; outline-style: none !important;\"><strong style=\"text-align: var(--text-align); outline-color: currentcolor !important; outline-style: none !important;\">Reuni\u00f3n informativa<\/strong><\/p>\n<p style=\"font-variant-ligatures: normal; orphans: 2; widows: 2; text-decoration-thickness: initial; text-decoration-style: initial; text-decoration-color: initial; outline-color: currentcolor !important; outline-style: none !important;\"><strong style=\"text-align: var(--text-align); outline-color: currentcolor !important; outline-style: none !important;\">Mi\u00e9rcoles 25 de septiembre<\/strong><\/p>\n<p style=\"font-variant-ligatures: normal; orphans: 2; widows: 2; text-decoration-thickness: initial; text-decoration-style: initial; text-decoration-color: initial; outline-color: currentcolor !important; outline-style: none !important;\"><strong style=\"text-align: var(--text-align); outline-color: currentcolor !important; outline-style: none !important;\">10:00 AM a 11:00 AM<\/strong><\/p>\n<p style=\"font-variant-ligatures: normal; orphans: 2; widows: 2; text-decoration-thickness: initial; text-decoration-style: initial; text-decoration-color: initial; outline-color: currentcolor !important; outline-style: none !important;\">Uplift se complace en invitarle a una reuni\u00f3n p\u00fablica informativa el mi\u00e9rcoles 25 de septiembre de 10:00 AM a 11:00 AM. Despu\u00e9s de la \u00faltima reuni\u00f3n informativa en mayo, Uplift (en colaboraci\u00f3n con su Comit\u00e9 de Visi\u00f3n, Comit\u00e9 Directivo y asesores de la industria) ha refinado las estrategias que se publicar\u00e1n en la Parte II del Plan Regional. Durante esta reuni\u00f3n, proporcionaremos una descripci\u00f3n general del Plan Regional para construir una econom\u00eda m\u00e1s equitativa y sostenible en la Costa Central, as\u00ed como informaci\u00f3n sobre la Fase de Pre-desarrollo de Catalyst. Agradecemos sus contribuciones para dar forma al Plan Regional y esperamos recibir propuestas de proyectos que ayuden a transformar las estrategias en acciones.   <\/p>\n<p style=\"font-variant-ligatures: normal; orphans: 2; widows: 2; text-decoration-thickness: initial; text-decoration-style: initial; text-decoration-color: initial; text-align: center; outline-color: currentcolor !important; outline-style: none !important;\"><a style=\"background-image: none; background-color: #fefbf9; color: #ea5253; transition-delay: 0s; outline-color: currentcolor !important; outline-style: none !important;\" href=\"https:\/\/reachcentralcoast.app.neoncrm.com\/np\/clients\/reachcentralcoast\/eventRegistration.jsp?event=1569&amp;\" target=\"_blank\" rel=\"noopener\">Reg\u00edstrese aqu\u00ed<\/a><\/p>\t\t\t\t\t\t\t\t<\/div>\n\t\t\t\t<\/div>\n\t\t\t\t\t<\/div>\n\t\t\t\t<\/div>\n\t\t\t\t\t<\/div>\n\t\t\t\t<\/div>\n\t\t\t\t<\/div>\n\t\t","protected":false},"excerpt":{"rendered":"<p>Suscr\u00edbase a nuestras actualizaciones por correo electr\u00f3nico Participe en las actividades de su zona. Comparta su experiencia de la Costa Central, &nbsp;organice una sesi\u00f3n de escucha, &nbsp;asista a una reuni\u00f3n comunitaria, &nbsp;aprenda m\u00e1s sobre nuestro trabajo y &nbsp;\u00fanase a nuestra creciente coalici\u00f3n de organizaciones. PRUEBA Regi\u00f3n Sur (Condados de San Luis Obispo, Santa B\u00e1rbara y&#8230;  <a class=\"excerpt-read-more\" href=\"https:\/\/upliftcentralcoast.org\/es\/participa\/\" title=\"Read Participa\">Leer m\u00e1s<\/a><\/p>\n","protected":false},"author":1106,"featured_media":4178,"parent":0,"menu_order":0,"comment_status":"closed","ping_status":"closed","template":"","meta":{"_acf_changed":false,"footnotes":""},"class_list":["post-6129","page","type-page","status-publish","has-post-thumbnail","hentry"],"acf":[],"yoast_head":"<!-- This site is optimized with the Yoast SEO plugin v26.9 - https:\/\/yoast.com\/product\/yoast-seo-wordpress\/ -->\n<title>Participa - Uplift Central Coast<\/title>\n<meta name=\"description\" content=\"Participe en las actividades de su zona. Comparta su experiencia de la Costa Central, organice una Sesi\u00f3n de Escucha, asista a una reuni\u00f3n comunitaria, conozca mejor nuestro trabajo y \u00fanase a nuestra creciente coalici\u00f3n de organizaciones.\" \/>\n<meta name=\"robots\" content=\"index, follow, max-snippet:-1, max-image-preview:large, max-video-preview:-1\" \/>\n<link rel=\"canonical\" href=\"https:\/\/upliftcentralcoast.org\/es\/participa\/\" \/>\n<meta property=\"og:locale\" content=\"es_ES\" \/>\n<meta property=\"og:type\" content=\"article\" \/>\n<meta property=\"og:title\" content=\"Participa - Uplift Central Coast\" \/>\n<meta property=\"og:description\" content=\"Participe en las actividades de su zona. Comparta su experiencia de la Costa Central, organice una Sesi\u00f3n de Escucha, asista a una reuni\u00f3n comunitaria, conozca mejor nuestro trabajo y \u00fanase a nuestra creciente coalici\u00f3n de organizaciones.\" \/>\n<meta property=\"og:url\" content=\"https:\/\/upliftcentralcoast.org\/es\/participa\/\" \/>\n<meta property=\"og:site_name\" content=\"Uplift Central Coast\" \/>\n<meta property=\"article:modified_time\" content=\"2024-09-25T18:51:43+00:00\" \/>\n<meta property=\"og:image\" content=\"https:\/\/upliftcentralcoast.org\/wp-content\/uploads\/2023\/07\/Uplift-Central-Coast-Opt2.jpg\" \/>\n\t<meta property=\"og:image:width\" content=\"1000\" \/>\n\t<meta property=\"og:image:height\" content=\"658\" \/>\n\t<meta property=\"og:image:type\" content=\"image\/jpeg\" \/>\n<meta name=\"twitter:card\" content=\"summary_large_image\" \/>\n<meta name=\"twitter:label1\" content=\"Tiempo de lectura\" \/>\n\t<meta name=\"twitter:data1\" content=\"2 minutos\" \/>\n<script type=\"application\/ld+json\" class=\"yoast-schema-graph\">{\"@context\":\"https:\/\/schema.org\",\"@graph\":[{\"@type\":\"WebPage\",\"@id\":\"https:\/\/upliftcentralcoast.org\/es\/participa\/\",\"url\":\"https:\/\/upliftcentralcoast.org\/es\/participa\/\",\"name\":\"Participa - Uplift Central Coast\",\"isPartOf\":{\"@id\":\"https:\/\/upliftcentralcoast.org\/es\/#website\"},\"primaryImageOfPage\":{\"@id\":\"https:\/\/upliftcentralcoast.org\/es\/participa\/#primaryimage\"},\"image\":{\"@id\":\"https:\/\/upliftcentralcoast.org\/es\/participa\/#primaryimage\"},\"thumbnailUrl\":\"https:\/\/upliftcentralcoast.org\/wp-content\/uploads\/2023\/07\/Uplift-Central-Coast-Opt2.jpg\",\"datePublished\":\"2024-09-25T18:30:55+00:00\",\"dateModified\":\"2024-09-25T18:51:43+00:00\",\"description\":\"Participe en las actividades de su zona. Comparta su experiencia de la Costa Central, organice una Sesi\u00f3n de Escucha, asista a una reuni\u00f3n comunitaria, conozca mejor nuestro trabajo y \u00fanase a nuestra creciente coalici\u00f3n de organizaciones.\",\"inLanguage\":\"es\",\"potentialAction\":[{\"@type\":\"ReadAction\",\"target\":[\"https:\/\/upliftcentralcoast.org\/es\/participa\/\"]}]},{\"@type\":\"ImageObject\",\"inLanguage\":\"es\",\"@id\":\"https:\/\/upliftcentralcoast.org\/es\/participa\/#primaryimage\",\"url\":\"https:\/\/upliftcentralcoast.org\/wp-content\/uploads\/2023\/07\/Uplift-Central-Coast-Opt2.jpg\",\"contentUrl\":\"https:\/\/upliftcentralcoast.org\/wp-content\/uploads\/2023\/07\/Uplift-Central-Coast-Opt2.jpg\",\"width\":1000,\"height\":658},{\"@type\":\"WebSite\",\"@id\":\"https:\/\/upliftcentralcoast.org\/es\/#website\",\"url\":\"https:\/\/upliftcentralcoast.org\/es\/\",\"name\":\"Uplift Central Coast\",\"description\":\"\",\"publisher\":{\"@id\":\"https:\/\/upliftcentralcoast.org\/es\/#organization\"},\"potentialAction\":[{\"@type\":\"SearchAction\",\"target\":{\"@type\":\"EntryPoint\",\"urlTemplate\":\"https:\/\/upliftcentralcoast.org\/es\/?s={search_term_string}\"},\"query-input\":{\"@type\":\"PropertyValueSpecification\",\"valueRequired\":true,\"valueName\":\"search_term_string\"}}],\"inLanguage\":\"es\"},{\"@type\":\"Organization\",\"@id\":\"https:\/\/upliftcentralcoast.org\/es\/#organization\",\"name\":\"Uplift Central Coast\",\"url\":\"https:\/\/upliftcentralcoast.org\/es\/\",\"logo\":{\"@type\":\"ImageObject\",\"inLanguage\":\"es\",\"@id\":\"https:\/\/upliftcentralcoast.org\/es\/#\/schema\/logo\/image\/\",\"url\":\"https:\/\/upliftcentralcoast.org\/wp-content\/uploads\/2020\/09\/Uplift.svg\",\"contentUrl\":\"https:\/\/upliftcentralcoast.org\/wp-content\/uploads\/2020\/09\/Uplift.svg\",\"caption\":\"Uplift Central Coast\"},\"image\":{\"@id\":\"https:\/\/upliftcentralcoast.org\/es\/#\/schema\/logo\/image\/\"}}]}<\/script>\n<!-- \/ Yoast SEO plugin. -->","yoast_head_json":{"title":"Participa - Uplift Central Coast","description":"Participe en las actividades de su zona. Comparta su experiencia de la Costa Central, organice una Sesi\u00f3n de Escucha, asista a una reuni\u00f3n comunitaria, conozca mejor nuestro trabajo y \u00fanase a nuestra creciente coalici\u00f3n de organizaciones.","robots":{"index":"index","follow":"follow","max-snippet":"max-snippet:-1","max-image-preview":"max-image-preview:large","max-video-preview":"max-video-preview:-1"},"canonical":"https:\/\/upliftcentralcoast.org\/es\/participa\/","og_locale":"es_ES","og_type":"article","og_title":"Participa - Uplift Central Coast","og_description":"Participe en las actividades de su zona. Comparta su experiencia de la Costa Central, organice una Sesi\u00f3n de Escucha, asista a una reuni\u00f3n comunitaria, conozca mejor nuestro trabajo y \u00fanase a nuestra creciente coalici\u00f3n de organizaciones.","og_url":"https:\/\/upliftcentralcoast.org\/es\/participa\/","og_site_name":"Uplift Central Coast","article_modified_time":"2024-09-25T18:51:43+00:00","og_image":[{"width":1000,"height":658,"url":"https:\/\/upliftcentralcoast.org\/wp-content\/uploads\/2023\/07\/Uplift-Central-Coast-Opt2.jpg","type":"image\/jpeg"}],"twitter_card":"summary_large_image","twitter_misc":{"Tiempo de lectura":"2 minutos"},"schema":{"@context":"https:\/\/schema.org","@graph":[{"@type":"WebPage","@id":"https:\/\/upliftcentralcoast.org\/es\/participa\/","url":"https:\/\/upliftcentralcoast.org\/es\/participa\/","name":"Participa - Uplift Central Coast","isPartOf":{"@id":"https:\/\/upliftcentralcoast.org\/es\/#website"},"primaryImageOfPage":{"@id":"https:\/\/upliftcentralcoast.org\/es\/participa\/#primaryimage"},"image":{"@id":"https:\/\/upliftcentralcoast.org\/es\/participa\/#primaryimage"},"thumbnailUrl":"https:\/\/upliftcentralcoast.org\/wp-content\/uploads\/2023\/07\/Uplift-Central-Coast-Opt2.jpg","datePublished":"2024-09-25T18:30:55+00:00","dateModified":"2024-09-25T18:51:43+00:00","description":"Participe en las actividades de su zona. Comparta su experiencia de la Costa Central, organice una Sesi\u00f3n de Escucha, asista a una reuni\u00f3n comunitaria, conozca mejor nuestro trabajo y \u00fanase a nuestra creciente coalici\u00f3n de organizaciones.","inLanguage":"es","potentialAction":[{"@type":"ReadAction","target":["https:\/\/upliftcentralcoast.org\/es\/participa\/"]}]},{"@type":"ImageObject","inLanguage":"es","@id":"https:\/\/upliftcentralcoast.org\/es\/participa\/#primaryimage","url":"https:\/\/upliftcentralcoast.org\/wp-content\/uploads\/2023\/07\/Uplift-Central-Coast-Opt2.jpg","contentUrl":"https:\/\/upliftcentralcoast.org\/wp-content\/uploads\/2023\/07\/Uplift-Central-Coast-Opt2.jpg","width":1000,"height":658},{"@type":"WebSite","@id":"https:\/\/upliftcentralcoast.org\/es\/#website","url":"https:\/\/upliftcentralcoast.org\/es\/","name":"Uplift Central Coast","description":"","publisher":{"@id":"https:\/\/upliftcentralcoast.org\/es\/#organization"},"potentialAction":[{"@type":"SearchAction","target":{"@type":"EntryPoint","urlTemplate":"https:\/\/upliftcentralcoast.org\/es\/?s={search_term_string}"},"query-input":{"@type":"PropertyValueSpecification","valueRequired":true,"valueName":"search_term_string"}}],"inLanguage":"es"},{"@type":"Organization","@id":"https:\/\/upliftcentralcoast.org\/es\/#organization","name":"Uplift Central Coast","url":"https:\/\/upliftcentralcoast.org\/es\/","logo":{"@type":"ImageObject","inLanguage":"es","@id":"https:\/\/upliftcentralcoast.org\/es\/#\/schema\/logo\/image\/","url":"https:\/\/upliftcentralcoast.org\/wp-content\/uploads\/2020\/09\/Uplift.svg","contentUrl":"https:\/\/upliftcentralcoast.org\/wp-content\/uploads\/2020\/09\/Uplift.svg","caption":"Uplift Central Coast"},"image":{"@id":"https:\/\/upliftcentralcoast.org\/es\/#\/schema\/logo\/image\/"}}]}},"_links":{"self":[{"href":"https:\/\/upliftcentralcoast.org\/es\/wp-json\/wp\/v2\/pages\/6129","targetHints":{"allow":["GET"]}}],"collection":[{"href":"https:\/\/upliftcentralcoast.org\/es\/wp-json\/wp\/v2\/pages"}],"about":[{"href":"https:\/\/upliftcentralcoast.org\/es\/wp-json\/wp\/v2\/types\/page"}],"author":[{"embeddable":true,"href":"https:\/\/upliftcentralcoast.org\/es\/wp-json\/wp\/v2\/users\/1106"}],"replies":[{"embeddable":true,"href":"https:\/\/upliftcentralcoast.org\/es\/wp-json\/wp\/v2\/comments?post=6129"}],"version-history":[{"count":3,"href":"https:\/\/upliftcentralcoast.org\/es\/wp-json\/wp\/v2\/pages\/6129\/revisions"}],"predecessor-version":[{"id":6352,"href":"https:\/\/upliftcentralcoast.org\/es\/wp-json\/wp\/v2\/pages\/6129\/revisions\/6352"}],"wp:featuredmedia":[{"embeddable":true,"href":"https:\/\/upliftcentralcoast.org\/es\/wp-json\/wp\/v2\/media\/4178"}],"wp:attachment":[{"href":"https:\/\/upliftcentralcoast.org\/es\/wp-json\/wp\/v2\/media?parent=6129"}],"curies":[{"name":"wp","href":"https:\/\/api.w.org\/{rel}","templated":true}]}}